{"id":60,"date":"2022-01-12T15:45:58","date_gmt":"2022-01-12T14:45:58","guid":{"rendered":"http:\/\/melaniepatisserie.fr\/?page_id=60"},"modified":"2025-10-07T23:13:49","modified_gmt":"2025-10-07T21:13:49","slug":"les-macarons","status":"publish","type":"page","link":"https:\/\/melaniepatisserie.fr\/index.php\/les-macarons\/","title":{"rendered":"Les macarons"},"content":{"rendered":"<div class=\"\" style=\"\" >\n    \n    <section class=\"u-clearfix u-palette-1-light-3 u-section-2\" id=\"sec-4d22\">\n      <div class=\"u-clearfix u-sheet u-valign-top-md u-sheet-1\">\n        <h3 class=\"u-text u-text-1\">\n          <span style=\"font-size: 3.75rem;\">\n            <font style=\"vertical-align: inherit;\">\n              <font style=\"vertical-align: inherit;\">\n                <font style=\"vertical-align: inherit;\">\n                  <font style=\"vertical-align: inherit;\">\n                    <font style=\"vertical-align: inherit;\">\n                      <font style=\"vertical-align: inherit;\">\n                        <font style=\"vertical-align: inherit;\">\n                          <font style=\"vertical-align: inherit;\">Les <\/font>\n                        <\/font>\n                      <\/font>\n                    <\/font>\n                  <\/font>\n                <\/font>\n              <\/font>\n            <\/font>\n          <\/span>\n          <span style=\"font-size: 3.75rem;\">\n            <font style=\"vertical-align: inherit;\">\n              <font style=\"vertical-align: inherit;\">\n                <font style=\"vertical-align: inherit;\">\n                  <font style=\"vertical-align: inherit;\">\n                    <font style=\"vertical-align: inherit;\">\n                      <font style=\"vertical-align: inherit;\">\n                        <font style=\"vertical-align: inherit;\">\n                          <font style=\"vertical-align: inherit;\">macarons<\/font>\n                        <\/font>\n                      <\/font>\n                    <\/font>\n                  <\/font>\n                <\/font>\n              <\/font>\n            <\/font>\n          <\/span>\n        <\/h3>\n        <img class=\"u-image u-image-default u-image-1\" src=\"http:\/\/melaniepatisserie.fr\/wp-content\/uploads\/2025\/10\/Messenger_creation_68B58F3A-0891-4456-99C9-EC9B6F05963B.jpeg\" alt=\"\" data-image-width=\"768\" data-image-height=\"1024\">\n        <p class=\"u-text u-text-2\">\n          <font style=\"vertical-align: inherit;\">\n            <font style=\"vertical-align: inherit;\">\n              <font style=\"vertical-align: inherit;\">\n                <font style=\"vertical-align: inherit;\">\n                  <font style=\"vertical-align: inherit;\">\n                    <font style=\"vertical-align: inherit;\">\n                      <font style=\"vertical-align: inherit;\">\n                        <font style=\"vertical-align: inherit;\">Incontournables de la p\u00e2tisserie fran\u00e7aise, les macarons sont une infinie possibilit\u00e9 d'expression, de couleurs, de saveurs. <\/font>\n                      <\/font>\n                    <\/font>\n                  <\/font>\n                <\/font>\n              <\/font>\n            <\/font>\n          <\/font>\n          <br>\n          <font style=\"vertical-align: inherit;\">\n            <font style=\"vertical-align: inherit;\">\n              <font style=\"vertical-align: inherit;\">\n                <font style=\"vertical-align: inherit;\">\n                  <font style=\"vertical-align: inherit;\">\n                    <font style=\"vertical-align: inherit;\">\n                      <font style=\"vertical-align: inherit;\">\n                        <font style=\"vertical-align: inherit;\">Retrouvez les intemporels tout au long de l'ann\u00e9e, ainsi que des coffrets collections qui \u00e9voluent en fonction des saisons, des f\u00eates et des \u00e9v\u00e9nements.&nbsp;<\/font>\n                      <\/font>\n                    <\/font>\n                  <\/font>\n                <\/font>\n              <\/font>\n            <\/font>\n          <\/font>\n          <br>\n        <\/p>\n        <p class=\"u-text u-text-3\">A l'unit\u00e9: 1\u20ac<br>Coffret 8 pi\u00e8ces: 10\u20ac<br>Coffret 12 pi\u00e8ces: 15\u20ac<br>Coffret 18 pi\u00e8ces: 20\u20ac\n        <\/p>\n      <\/div>\n    <\/section>\n    <section class=\"u-align-center u-clearfix u-palette-1-light-3 u-section-3\" id=\"sec-bedf\">\n      <div class=\"u-clearfix u-sheet u-valign-middle-lg u-valign-middle-xl u-valign-middle-xs u-sheet-1\">\n        <div class=\"u-expanded-width u-list u-list-1\">\n          <div class=\"u-repeater u-repeater-1\">\n            <div class=\"u-align-center-lg u-align-center-xl u-container-style u-list-item u-repeater-item\">\n              <div class=\"u-container-layout u-similar-container u-container-layout-1\">\n                <img alt=\"\" class=\"u-expanded-width-lg u-expanded-width-xl u-image u-image-default u-image-1\" data-image-width=\"1023\" data-image-height=\"1024\" src=\"http:\/\/melaniepatisserie.fr\/wp-content\/uploads\/2025\/10\/Messenger_creation_412BCA26-95E4-4334-9AB0-D096030481C2.jpeg\">\n                <h5 class=\"u-align-center-md u-align-center-sm u-align-center-xs u-text u-text-1\">\n                  <a class=\"u-btn u-button-link u-button-style u-text-body-color u-btn-1\" href=\"https:\/\/melaniepatisserie.fr\/index.php\/les-intemporels\/\">\n                    <font style=\"vertical-align: inherit;\">\n                      <font style=\"vertical-align: inherit;\">\n                        <font style=\"vertical-align: inherit;\">\n                          <font style=\"vertical-align: inherit;\">\n                            <font style=\"vertical-align: inherit;\">\n                              <font style=\"vertical-align: inherit;\">\n                                <font style=\"vertical-align: inherit;\">\n                                  <font style=\"vertical-align: inherit;\">\n                                    <font style=\"vertical-align: inherit;\">\n                                      <font style=\"vertical-align: inherit;\">LES INTEMPORELS<\/font>\n                                    <\/font>\n                                  <\/font>\n                                <\/font>\n                              <\/font>\n                            <\/font>\n                          <\/font>\n                        <\/font>\n                      <\/font>\n                    <\/font>\n                  <\/a>\n                <\/h5>\n                <p class=\"u-align-center-md u-align-center-sm u-align-center-xs u-text u-text-2\">\n                  <font style=\"vertical-align: inherit;\">\n                    <font style=\"vertical-align: inherit;\">\n                      <font style=\"vertical-align: inherit;\">\n                        <font style=\"vertical-align: inherit;\">\n                          <font style=\"vertical-align: inherit;\">\n                            <font style=\"vertical-align: inherit;\">\n                              <font style=\"vertical-align: inherit;\">\n                                <font style=\"vertical-align: inherit;\">Des parfums classiques \u00e0 retrouver toute l'ann\u00e9e dans diff\u00e9rentes tailles de coffret ou au d\u00e9tails.<\/font>\n                              <\/font>\n                            <\/font>\n                          <\/font>\n                        <\/font>\n                      <\/font>\n                    <\/font>\n                  <\/font>\n                <\/p>\n              <\/div>\n            <\/div>\n            <div class=\"u-align-center u-container-style u-list-item u-repeater-item\">\n              <div class=\"u-container-layout u-similar-container u-container-layout-2\">\n                <img alt=\"\" class=\"u-expanded-width-lg u-expanded-width-xl u-image u-image-default u-image-2\" data-image-width=\"768\" data-image-height=\"1024\" src=\"http:\/\/melaniepatisserie.fr\/wp-content\/uploads\/2025\/10\/Messenger_creation_96108BAC-E88C-4598-AA80-732E81F3B196.jpeg\" data-href=\"https:\/\/melaniepatisserie.fr\/index.php\/la-collection-du-moment\/\" title=\"La collection du moment\">\n                <h5 class=\"u-align-center-md u-align-center-sm u-align-center-xs u-text u-text-3\">\n                  <font style=\"vertical-align: inherit;\">\n                    <font style=\"vertical-align: inherit;\">\n                      <font style=\"vertical-align: inherit;\">\n                        <font style=\"vertical-align: inherit;\">\n                          <font style=\"vertical-align: inherit;\">\n                            <font style=\"vertical-align: inherit;\">\n                              <font style=\"vertical-align: inherit;\">\n                                <font style=\"vertical-align: inherit;\">LA COLLECTION DU MOMENT<\/font>\n                              <\/font>\n                            <\/font>\n                          <\/font>\n                        <\/font>\n                      <\/font>\n                    <\/font>\n                  <\/font>\n                <\/h5>\n                <p class=\"u-align-center-md u-align-center-sm u-align-center-xs u-text u-text-4\">\n                  <font style=\"vertical-align: inherit;\">\n                    <font style=\"vertical-align: inherit;\">\n                      <font style=\"vertical-align: inherit;\">\n                        <font style=\"vertical-align: inherit;\">\n                          <font style=\"vertical-align: inherit;\">\n                            <font style=\"vertical-align: inherit;\">\n                              <font style=\"vertical-align: inherit;\">\n                                <font style=\"vertical-align: inherit;\">Des collections \u00e9ph\u00e9m\u00e8res qui \u00e9voluent au fil des saisons et des f\u00eates de l'ann\u00e9e.<\/font>\n                              <\/font>\n                            <\/font>\n                          <\/font>\n                        <\/font>\n                      <\/font>\n                    <\/font>\n                  <\/font>\n                  <br>\n                <\/p>\n              <\/div>\n            <\/div>\n            <div class=\"u-align-center u-container-style u-list-item u-repeater-item\">\n              <div class=\"u-container-layout u-similar-container u-container-layout-3\">\n                <img alt=\"\" class=\"u-expanded-width-lg u-expanded-width-xl u-image u-image-default u-image-3\" data-image-width=\"1099\" data-image-height=\"1653\" src=\"http:\/\/melaniepatisserie.fr\/wp-content\/uploads\/2025\/10\/467456478_540683979006345_6423996453311154194_n.jpg\">\n                <h5 class=\"u-align-center-md u-align-center-sm u-align-center-xs u-text u-text-5\">\n                  <font style=\"vertical-align: inherit;\">\n                    <font style=\"vertical-align: inherit;\">\n                      <font style=\"vertical-align: inherit;\">\n                        <font style=\"vertical-align: inherit;\">\n                          <font style=\"vertical-align: inherit;\">\n                            <font style=\"vertical-align: inherit;\">\n                              <font style=\"vertical-align: inherit;\">\n                                <font style=\"vertical-align: inherit;\">LES PYRAMIDES<\/font>\n                              <\/font>\n                            <\/font>\n                          <\/font>\n                        <\/font>\n                      <\/font>\n                    <\/font>\n                  <\/font>\n                <\/h5>\n                <p class=\"u-align-center-md u-align-center-sm u-align-center-xs u-text u-text-6\">Des pi\u00e8ces mont\u00e9es originales qui s'adaptent \u00e0 chacun de vos \u00e9v\u00e9nements,&nbsp;<br>\u00e0 composer selon vos go\u00fbts\n                <\/p>\n              <\/div>\n            <\/div>\n          <\/div>\n        <\/div>\n      <\/div>\n    <\/section>\n    \n    \n    \n  \n<\/div>","protected":false},"excerpt":{"rendered":"<p>Les macarons Incontournables de la p\u00e2tisserie fran\u00e7aise, les macarons sont une infinie possibilit\u00e9 d&rsquo;expression, de couleurs, de saveurs. Retrouvez les intemporels tout au long de &hellip; <\/p>\n","protected":false},"author":1,"featured_media":0,"parent":0,"menu_order":0,"comment_status":"closed","ping_status":"closed","template":"","meta":[],"yoast_head":"<!-- This site is optimized with the Yoast SEO plugin v18.5.1 - https:\/\/yoast.com\/wordpress\/plugins\/seo\/ -->\n<title>Les macarons -<\/title>\n<meta name=\"robots\" content=\"index, follow, max-snippet:-1, max-image-preview:large, max-video-preview:-1\" \/>\n<link rel=\"canonical\" href=\"https:\/\/melaniepatisserie.fr\/index.php\/les-macarons\/\" \/>\n<meta property=\"og:locale\" content=\"fr_FR\" \/>\n<meta property=\"og:type\" content=\"article\" \/>\n<meta property=\"og:title\" content=\"Les macarons -\" \/>\n<meta property=\"og:description\" content=\"Les macarons Incontournables de la p\u00e2tisserie fran\u00e7aise, les macarons sont une infinie possibilit\u00e9 d&#039;expression, de couleurs, de saveurs. Retrouvez les intemporels tout au long de &hellip;\" \/>\n<meta property=\"og:url\" content=\"https:\/\/melaniepatisserie.fr\/index.php\/les-macarons\/\" \/>\n<meta property=\"article:modified_time\" content=\"2025-10-07T21:13:49+00:00\" \/>\n<meta name=\"twitter:card\" content=\"summary_large_image\" \/>\n<meta name=\"twitter:label1\" content=\"Dur\u00e9e de lecture estim\u00e9e\" \/>\n\t<meta name=\"twitter:data1\" content=\"1 minute\" \/>\n<script type=\"application\/ld+json\" class=\"yoast-schema-graph\">{\"@context\":\"https:\/\/schema.org\",\"@graph\":[{\"@type\":\"Organization\",\"@id\":\"https:\/\/melaniepatisserie.fr\/#organization\",\"name\":\"M\u00e9lanie P\u00e2tisserie\",\"url\":\"https:\/\/melaniepatisserie.fr\/\",\"sameAs\":[],\"logo\":{\"@type\":\"ImageObject\",\"@id\":\"https:\/\/melaniepatisserie.fr\/#logo\",\"inLanguage\":\"fr-FR\",\"url\":\"http:\/\/melaniepatisserie.fr\/wp-content\/uploads\/2022\/04\/icone-site-internet.jpg\",\"contentUrl\":\"http:\/\/melaniepatisserie.fr\/wp-content\/uploads\/2022\/04\/icone-site-internet.jpg\",\"width\":1063,\"height\":709,\"caption\":\"M\u00e9lanie P\u00e2tisserie\"},\"image\":{\"@id\":\"https:\/\/melaniepatisserie.fr\/#logo\"}},{\"@type\":\"WebSite\",\"@id\":\"https:\/\/melaniepatisserie.fr\/#website\",\"url\":\"https:\/\/melaniepatisserie.fr\/\",\"name\":\"\",\"description\":\"\",\"publisher\":{\"@id\":\"https:\/\/melaniepatisserie.fr\/#organization\"},\"potentialAction\":[{\"@type\":\"SearchAction\",\"target\":{\"@type\":\"EntryPoint\",\"urlTemplate\":\"https:\/\/melaniepatisserie.fr\/?s={search_term_string}\"},\"query-input\":\"required name=search_term_string\"}],\"inLanguage\":\"fr-FR\"},{\"@type\":\"WebPage\",\"@id\":\"https:\/\/melaniepatisserie.fr\/index.php\/les-macarons\/#webpage\",\"url\":\"https:\/\/melaniepatisserie.fr\/index.php\/les-macarons\/\",\"name\":\"Les macarons -\",\"isPartOf\":{\"@id\":\"https:\/\/melaniepatisserie.fr\/#website\"},\"datePublished\":\"2022-01-12T14:45:58+00:00\",\"dateModified\":\"2025-10-07T21:13:49+00:00\",\"breadcrumb\":{\"@id\":\"https:\/\/melaniepatisserie.fr\/index.php\/les-macarons\/#breadcrumb\"},\"inLanguage\":\"fr-FR\",\"potentialAction\":[{\"@type\":\"ReadAction\",\"target\":[\"https:\/\/melaniepatisserie.fr\/index.php\/les-macarons\/\"]}]},{\"@type\":\"BreadcrumbList\",\"@id\":\"https:\/\/melaniepatisserie.fr\/index.php\/les-macarons\/#breadcrumb\",\"itemListElement\":[{\"@type\":\"ListItem\",\"position\":1,\"name\":\"Home\",\"item\":\"https:\/\/melaniepatisserie.fr\/\"},{\"@type\":\"ListItem\",\"position\":2,\"name\":\"Les macarons\"}]}]}<\/script>\n<!-- \/ Yoast SEO plugin. -->","yoast_head_json":{"title":"Les macarons -","robots":{"index":"index","follow":"follow","max-snippet":"max-snippet:-1","max-image-preview":"max-image-preview:large","max-video-preview":"max-video-preview:-1"},"canonical":"https:\/\/melaniepatisserie.fr\/index.php\/les-macarons\/","og_locale":"fr_FR","og_type":"article","og_title":"Les macarons -","og_description":"Les macarons Incontournables de la p\u00e2tisserie fran\u00e7aise, les macarons sont une infinie possibilit\u00e9 d'expression, de couleurs, de saveurs. Retrouvez les intemporels tout au long de &hellip;","og_url":"https:\/\/melaniepatisserie.fr\/index.php\/les-macarons\/","article_modified_time":"2025-10-07T21:13:49+00:00","twitter_card":"summary_large_image","twitter_misc":{"Dur\u00e9e de lecture estim\u00e9e":"1 minute"},"schema":{"@context":"https:\/\/schema.org","@graph":[{"@type":"Organization","@id":"https:\/\/melaniepatisserie.fr\/#organization","name":"M\u00e9lanie P\u00e2tisserie","url":"https:\/\/melaniepatisserie.fr\/","sameAs":[],"logo":{"@type":"ImageObject","@id":"https:\/\/melaniepatisserie.fr\/#logo","inLanguage":"fr-FR","url":"http:\/\/melaniepatisserie.fr\/wp-content\/uploads\/2022\/04\/icone-site-internet.jpg","contentUrl":"http:\/\/melaniepatisserie.fr\/wp-content\/uploads\/2022\/04\/icone-site-internet.jpg","width":1063,"height":709,"caption":"M\u00e9lanie P\u00e2tisserie"},"image":{"@id":"https:\/\/melaniepatisserie.fr\/#logo"}},{"@type":"WebSite","@id":"https:\/\/melaniepatisserie.fr\/#website","url":"https:\/\/melaniepatisserie.fr\/","name":"","description":"","publisher":{"@id":"https:\/\/melaniepatisserie.fr\/#organization"},"potentialAction":[{"@type":"SearchAction","target":{"@type":"EntryPoint","urlTemplate":"https:\/\/melaniepatisserie.fr\/?s={search_term_string}"},"query-input":"required name=search_term_string"}],"inLanguage":"fr-FR"},{"@type":"WebPage","@id":"https:\/\/melaniepatisserie.fr\/index.php\/les-macarons\/#webpage","url":"https:\/\/melaniepatisserie.fr\/index.php\/les-macarons\/","name":"Les macarons -","isPartOf":{"@id":"https:\/\/melaniepatisserie.fr\/#website"},"datePublished":"2022-01-12T14:45:58+00:00","dateModified":"2025-10-07T21:13:49+00:00","breadcrumb":{"@id":"https:\/\/melaniepatisserie.fr\/index.php\/les-macarons\/#breadcrumb"},"inLanguage":"fr-FR","potentialAction":[{"@type":"ReadAction","target":["https:\/\/melaniepatisserie.fr\/index.php\/les-macarons\/"]}]},{"@type":"BreadcrumbList","@id":"https:\/\/melaniepatisserie.fr\/index.php\/les-macarons\/#breadcrumb","itemListElement":[{"@type":"ListItem","position":1,"name":"Home","item":"https:\/\/melaniepatisserie.fr\/"},{"@type":"ListItem","position":2,"name":"Les macarons"}]}]}},"_links":{"self":[{"href":"https:\/\/melaniepatisserie.fr\/index.php\/wp-json\/wp\/v2\/pages\/60"}],"collection":[{"href":"https:\/\/melaniepatisserie.fr\/index.php\/wp-json\/wp\/v2\/pages"}],"about":[{"href":"https:\/\/melaniepatisserie.fr\/index.php\/wp-json\/wp\/v2\/types\/page"}],"author":[{"embeddable":true,"href":"https:\/\/melaniepatisserie.fr\/index.php\/wp-json\/wp\/v2\/users\/1"}],"replies":[{"embeddable":true,"href":"https:\/\/melaniepatisserie.fr\/index.php\/wp-json\/wp\/v2\/comments?post=60"}],"version-history":[{"count":14,"href":"https:\/\/melaniepatisserie.fr\/index.php\/wp-json\/wp\/v2\/pages\/60\/revisions"}],"predecessor-version":[{"id":1873,"href":"https:\/\/melaniepatisserie.fr\/index.php\/wp-json\/wp\/v2\/pages\/60\/revisions\/1873"}],"wp:attachment":[{"href":"https:\/\/melaniepatisserie.fr\/index.php\/wp-json\/wp\/v2\/media?parent=60"}],"curies":[{"name":"wp","href":"https:\/\/api.w.org\/{rel}","templated":true}]}}